

{"id":252669,"date":"2025-02-13T12:25:02","date_gmt":"2025-02-13T11:25:02","guid":{"rendered":"https:\/\/mafondue.ch\/swiss-race-fondue\/"},"modified":"2025-02-13T12:25:04","modified_gmt":"2025-02-13T11:25:04","slug":"swiss-race-fondue","status":"publish","type":"page","link":"https:\/\/mafondue.ch\/de\/swiss-race-fondue\/","title":{"rendered":"Swiss Race Fondue"},"content":{"rendered":"<p>[et_pb_section fb_built=&#8220;1&#8243; fullwidth=&#8220;on&#8220; _builder_version=&#8220;4.21.0&#8243; _module_preset=&#8220;default&#8220; min_height_tablet=&#8220;&#8220; min_height_phone=&#8220;&#8220; min_height_last_edited=&#8220;on|phone&#8220; global_colors_info=&#8220;{}&#8220;][et_pb_fullwidth_image src=&#8220;https:\/\/mafondue.ch\/wp-content\/uploads\/2023\/06\/banniere-BW-scaled.jpg&#8220; title_text=&#8220;banni\u00e8re B&amp;W&#8220; _builder_version=&#8220;4.21.0&#8243; _module_preset=&#8220;default&#8220; global_colors_info=&#8220;{}&#8220;][\/et_pb_fullwidth_image][\/et_pb_section][et_pb_section fb_built=&#8220;1&#8243; _builder_version=&#8220;4.21.0&#8243; _module_preset=&#8220;default&#8220; global_colors_info=&#8220;{}&#8220;][et_pb_row column_structure=&#8220;1_2,1_2&#8243; _builder_version=&#8220;4.21.0&#8243; _module_preset=&#8220;default&#8220; custom_css_main_element=&#8220; margin:auto;&#8220; global_colors_info=&#8220;{}&#8220;][et_pb_column type=&#8220;1_2&#8243; _builder_version=&#8220;4.21.0&#8243; _module_preset=&#8220;default&#8220; custom_css_main_element=&#8220; margin:auto;&#8220; global_colors_info=&#8220;{}&#8220;][et_pb_text _builder_version=&#8220;4.21.0&#8243; _module_preset=&#8220;default&#8220; width=&#8220;100%&#8220; custom_margin=&#8220;|0px|20px|0px|false|true&#8220; custom_padding=&#8220;||0px|||&#8220; custom_css_main_element=&#8220; margin:auto;&#8220; global_colors_info=&#8220;{}&#8220;]<\/p>\n<h2 style=\"text-align: left;\"><span style=\"color: #000000;\"><\/span><\/h2>\n<h2 style=\"text-align: left;\"><span style=\"color: #000000;\"><\/span><\/h2>\n<h2 style=\"text-align: left;\"><span style=\"color: #000000;\">DARIO <\/span><span style=\"font-size: 40px; letter-spacing: 0em; color: #000000;\">CABANELAS<\/span><\/h2>\n<div class=\"page\" title=\"Page 4\">\n<div class=\"section\">\n<div class=\"layoutArea\">\n<div class=\"column\">\n<p style=\"text-align: justify;\"><span style=\"font-size: large;\"><span style=\"color: #37364d;\">Der Schweizer Dario Cabanelas, der in Lausanne geboren wurde und spanische und ukrainische Wurzeln hat, begann im Alter von 6 Jahren mit dem Kartsport. Mit nur 9 Jahren wurde er f\u00fcr die Kartschule von Fernando Alonso in Spanien ausgew\u00e4hlt. Im Jahr 2021 wechselte er in die ber\u00fchmte FFSA Acad\u00e9mie, wo er als Sport\/Studium ihr Einsitzerprogramm in Le Mans fortsetzte.  <\/span><\/span><\/p>\n<p style=\"text-align: justify;\"><span style=\"font-size: large;\"><span style=\"color: #37364d;\"><span style=\"color: #37364d; font-size: large;\">Im Jahr 2023 setzt Dario seinen Aufstieg in der Einsitzerklasse EuroCup 3 fort und <a href=\"https:\/\/eurocup3.org\/\" target=\"_blank\" rel=\"noopener\" title=\"EuroCup 3\">geh\u00f6rt heute zu den f\u00fcnf besten Fahrern seiner Klasse.<\/a> <\/span><\/span><\/span><span style=\"font-size: large;\"><span style=\"color: #37364d;\"><span style=\"color: #37364d; font-size: large;\"><\/span><\/span><\/span><\/p>\n<p style=\"text-align: justify;\"><strong style=\"font-size: large;\"><em>Unterst\u00fctzen Sie unser junges nationales Talent in seiner Karriere!<\/em><\/strong><\/p>\n<\/div>\n<\/div>\n<\/div>\n<\/div>\n<p>[\/et_pb_text][\/et_pb_column][et_pb_column type=&#8220;1_2&#8243; _builder_version=&#8220;4.21.0&#8243; _module_preset=&#8220;default&#8220; global_colors_info=&#8220;{}&#8220;][et_pb_image src=&#8220;https:\/\/mafondue.ch\/wp-content\/uploads\/2023\/06\/RFMfxJ4U.jpeg&#8220; title_text=&#8220;RFMfxJ4U&#8220; align=&#8220;center&#8220; _builder_version=&#8220;4.21.0&#8243; _module_preset=&#8220;default&#8220; custom_margin=&#8220;||20px||false|false&#8220; global_colors_info=&#8220;{}&#8220;][\/et_pb_image][\/et_pb_column][\/et_pb_row][et_pb_row column_structure=&#8220;1_2,1_2&#8243; _builder_version=&#8220;4.21.0&#8243; _module_preset=&#8220;default&#8220; custom_css_main_element=&#8220; margin:auto;&#8220; global_colors_info=&#8220;{}&#8220;][et_pb_column type=&#8220;1_2&#8243; _builder_version=&#8220;4.21.0&#8243; _module_preset=&#8220;default&#8220; custom_css_main_element=&#8220; margin:auto;&#8220; global_colors_info=&#8220;{}&#8220;][et_pb_image src=&#8220;https:\/\/mafondue.ch\/wp-content\/uploads\/2023\/07\/Dario-monoplace-scaled.jpg&#8220; title_text=&#8220;Dario-monoplace&#8220; _builder_version=&#8220;4.21.0&#8243; _module_preset=&#8220;default&#8220; custom_margin=&#8220;||20px||false|false&#8220; global_colors_info=&#8220;{}&#8220;][\/et_pb_image][\/et_pb_column][et_pb_column type=&#8220;1_2&#8243; _builder_version=&#8220;4.21.0&#8243; _module_preset=&#8220;default&#8220; global_colors_info=&#8220;{}&#8220;][et_pb_text _builder_version=&#8220;4.21.0&#8243; _module_preset=&#8220;default&#8220; width=&#8220;100%&#8220; custom_margin=&#8220;|0px||0px|false|true&#8220; custom_padding=&#8220;||0px|||&#8220; custom_css_main_element=&#8220; margin:auto;&#8220; global_colors_info=&#8220;{}&#8220;]<\/p>\n<h3 style=\"text-align: left;\"><span style=\"color: #000000;\">Bestenliste<\/span><\/h3>\n<h4 style=\"text-align: justify;\"><span style=\"color: #000000;\">Monoplace<\/span><\/h4>\n<table border=\"0\" style=\"width: 100%; border-collapse: collapse; float: left; height: 72px; font-size: 16px;\">\n<tbody>\n<tr style=\"height: 24px;\">\n<td style=\"width: 5.34826%; height: 24px;\">2022<\/td>\n<td style=\"width: 94.5274%; height: 24px;\"><span style=\"color: #37364d;\"><b><span>FIA Games, <\/span><\/b><span> wo er die Schweiz vertritt, indem er sich nach einer gebrochenen Aufh\u00e4ngung als <b>3<\/b> <\/span><\/span><\/td>\n<\/tr>\n<tr style=\"height: 24px;\">\n<td style=\"width: 5.34826%; height: 24px;\">2022<\/td>\n<td style=\"width: 94.5274%; height: 24px;\"><span style=\"color: #37364d;\"><span>9. Platz bei der franz\u00f6sischen F4-Meisterschaf<\/span><\/span><\/td>\n<\/tr>\n<tr style=\"height: 24px;\">\n<td style=\"width: 5.34826%; height: 24px;\">2021<\/td>\n<td style=\"width: 94.5274%; height: 24px;\">\n<p><span style=\"color: #37364d;\"><b><span>Vize-Juniorenmeister bei den franz\u00f6sischen F4-Meisterschaften<\/span><\/b><\/span><\/p>\n<p><span><\/span><\/p>\n<\/td>\n<\/tr>\n<\/tbody>\n<\/table>\n<p>[\/et_pb_text][\/et_pb_column][\/et_pb_row][et_pb_row column_structure=&#8220;1_2,1_2&#8243; _builder_version=&#8220;4.21.0&#8243; _module_preset=&#8220;default&#8220; hover_enabled=&#8220;0&#8243; custom_css_main_element=&#8220; margin:auto;&#8220; global_colors_info=&#8220;{}&#8220; sticky_enabled=&#8220;0&#8243;][et_pb_column _builder_version=&#8220;4.21.0&#8243; _module_preset=&#8220;default&#8220; type=&#8220;1_2&#8243;][et_pb_image src=&#8220;https:\/\/mafondue.ch\/wp-content\/uploads\/2023\/07\/karting-scaled.jpg&#8220; _builder_version=&#8220;4.21.0&#8243; _module_preset=&#8220;default&#8220; title_text=&#8220;karting&#8220; hover_enabled=&#8220;0&#8243; sticky_enabled=&#8220;0&#8243;][\/et_pb_image][\/et_pb_column][et_pb_column type=&#8220;1_2&#8243; _builder_version=&#8220;4.21.0&#8243; _module_preset=&#8220;default&#8220; global_colors_info=&#8220;{}&#8220;][et_pb_text _builder_version=&#8220;4.21.0&#8243; _module_preset=&#8220;default&#8220; width=&#8220;100%&#8220; custom_margin=&#8220;|0px||0px|false|true&#8220; custom_padding=&#8220;||0px|||&#8220; custom_css_main_element=&#8220; margin:auto;&#8220; global_colors_info=&#8220;{}&#8220;]<\/p>\n<h3 style=\"text-align: left;\"><span style=\"color: #000000;\">Bestenliste<\/span><\/h3>\n<h4 style=\"text-align: justify;\"><span style=\"color: #000000;\">Karting<\/span><\/h4>\n<table border=\"0\" style=\"height: 163px; width: 100%; border-collapse: collapse; font-size: 16px; float: left;\" cellpadding=\"0\" cellspacing=\"0\">\n<tbody>\n<tr style=\"height: 24px;\">\n<td style=\"width: 5.34826%; height: 24px;\">2020<\/td>\n<td style=\"width: 94.5274%; height: 24px;\"><span style=\"color: #37364d;\"><b><span>3. Schweizer Kart-Meisterschaft OK-J<\/span><\/b><\/span><\/td>\n<\/tr>\n<tr style=\"height: 24px;\">\n<td style=\"width: 5.34826%; height: 24px;\">2020<\/td>\n<td style=\"width: 94.5274%; height: 24px;\"><span style=\"color: #37364d;\"><span>13. IAME Karting X30 World Championship<\/span><\/span><\/td>\n<\/tr>\n<tr style=\"height: 24px;\">\n<td style=\"width: 5.34826%; height: 24px;\">2020<\/td>\n<td style=\"width: 94.5274%; height: 24px;\"><span style=\"color: #37364d;\"><b><span>Champion der Vega Trofeo in OK-J Karting<\/span><\/b><\/span><\/td>\n<\/tr>\n<tr>\n<td style=\"width: 5.34826%;\">2019<\/td>\n<td style=\"width: 94.5274%;\"><span style=\"color: #37364d;\"><b><span>Vizemeister in Asturien Spanien in Junior Karting<\/span><\/b><\/span><\/td>\n<\/tr>\n<tr>\n<td style=\"width: 5.34826%;\">2018<\/td>\n<td style=\"width: 94.5274%;\"><span style=\"color: #37364d;\"><b><span>Vizemeister in Asturien Spanien in Karting Cadet<\/span><\/b><\/span><\/td>\n<\/tr>\n<tr>\n<td style=\"width: 5.34826%;\">2017<\/td>\n<td style=\"width: 94.5274%;\"><span style=\"color: #37364d;\"><b><span>Vizemeister in Asturien Spanien in Karting Mini<\/span><\/b><\/span><\/td>\n<\/tr>\n<\/tbody>\n<\/table>\n<p>[\/et_pb_text][\/et_pb_column][\/et_pb_row][\/et_pb_section][et_pb_section fb_built=&#8220;1&#8243; _builder_version=&#8220;4.21.0&#8243; _module_preset=&#8220;default&#8220; global_colors_info=&#8220;{}&#8220;][et_pb_row column_structure=&#8220;1_2,1_2&#8243; _builder_version=&#8220;4.21.0&#8243; _module_preset=&#8220;default&#8220; global_colors_info=&#8220;{}&#8220;][et_pb_column type=&#8220;1_2&#8243; _builder_version=&#8220;4.21.0&#8243; _module_preset=&#8220;default&#8220; global_colors_info=&#8220;{}&#8220;][et_pb_image src=&#8220;https:\/\/mafondue.ch\/wp-content\/uploads\/2023\/07\/mafondue-Packaging-DarioCabenelas-Front-WEB.jpg&#8220; title_text=&#8220;mafondue-Packaging-DarioCabenelas-Front-WEB&#8220; _builder_version=&#8220;4.21.0&#8243; _module_preset=&#8220;default&#8220; global_colors_info=&#8220;{}&#8220;][\/et_pb_image][\/et_pb_column][et_pb_column type=&#8220;1_2&#8243; _builder_version=&#8220;4.21.0&#8243; _module_preset=&#8220;default&#8220; global_colors_info=&#8220;{}&#8220;][et_pb_text _builder_version=&#8220;4.21.0&#8243; _module_preset=&#8220;default&#8220; width=&#8220;100%&#8220; global_colors_info=&#8220;{}&#8220;]<\/p>\n<p style=\"text-align: left;\"><strong><\/strong><\/p>\n<p style=\"text-align: left;\"><strong><\/strong><\/p>\n<p style=\"text-align: left;\"><strong><\/strong><\/p>\n<p style=\"text-align: left;\"><strong><\/strong><\/p>\n<p style=\"text-align: left;\"><strong>ZUTATEN:<\/strong> 49% Hartk\u00e4se aus Rohmilch (Schweiz), 49% halbfester, fetter K\u00e4se aus thermisierter Milch (Schweiz), 2% St\u00e4rke und Knoblauch.<\/p>\n<p style=\"text-align: left;\"><strong>LAGERUNG:<\/strong> max. +5\u00b0C. Unter Schutzatmosph\u00e4re verpackt. Beim Einfrieren (bei -18 \u00b0C aufbewahren) wird das Mindesthaltbarkeitsdatum um 6 Monate verl\u00e4ngert. Verwendbar bis ( siehe Datum auf der Packung ).<\/p>\n<p style=\"text-align: left;\"><strong>DURCHSCHNITTLICHE NUTRITIVWERTE 100g<\/strong>: Energie 1590Kj (380kcal) ; Fett 30g, davon ges\u00e4ttigte Fetts\u00e4uren 18g ; Kohlenhydrate 0g, davon Zucker 0g ; Ballaststoffe 0g ; Eiwei\u00df 28g ; Salz 1.5g.<\/p>\n<p>[\/et_pb_text][et_pb_button button_url=&#8220;https:\/\/mafondue.ch\/de\/produkt\/swiss-race-fondue-400g\/&#8220; button_text=&#8220;In den Warenkorb&#8220; _builder_version=&#8220;4.21.0&#8243; _module_preset=&#8220;default&#8220; global_colors_info=&#8220;{}&#8220;][\/et_pb_button][\/et_pb_column][\/et_pb_row][\/et_pb_section][et_pb_section fb_built=&#8220;1&#8243; _builder_version=&#8220;4.21.0&#8243; _module_preset=&#8220;default&#8220; global_colors_info=&#8220;{}&#8220;][et_pb_row column_structure=&#8220;1_6,1_6,1_6,1_6,1_6,1_6&#8243; _builder_version=&#8220;4.21.0&#8243; _module_preset=&#8220;default&#8220; global_colors_info=&#8220;{}&#8220;][et_pb_column type=&#8220;1_6&#8243; _builder_version=&#8220;4.21.0&#8243; _module_preset=&#8220;default&#8220; global_colors_info=&#8220;{}&#8220;][\/et_pb_column][et_pb_column type=&#8220;1_6&#8243; _builder_version=&#8220;4.21.0&#8243; _module_preset=&#8220;default&#8220; global_colors_info=&#8220;{}&#8220;][\/et_pb_column][et_pb_column type=&#8220;1_6&#8243; _builder_version=&#8220;4.21.0&#8243; _module_preset=&#8220;default&#8220; global_colors_info=&#8220;{}&#8220;][et_pb_icon font_icon=&#8220;&#xe0c8;||divi||400&#8243; icon_color=&#8220;#000000&#8243; icon_width=&#8220;40px&#8220; url=&#8220;https:\/\/www.instagram.com\/dariocabanelas\/&#8220; _builder_version=&#8220;4.21.0&#8243; _module_preset=&#8220;default&#8220; background_color=&#8220;RGBA(255,255,255,0)&#8220; global_colors_info=&#8220;{}&#8220;][\/et_pb_icon][\/et_pb_column][et_pb_column type=&#8220;1_6&#8243; _builder_version=&#8220;4.21.0&#8243; _module_preset=&#8220;default&#8220; global_colors_info=&#8220;{}&#8220;][et_pb_icon font_icon=&#8220;&#xe0c1;||divi||400&#8243; icon_color=&#8220;#000000&#8243; icon_width=&#8220;40px&#8220; url=&#8220;https:\/\/www.facebook.com\/dario.cabanelas&#8220; url_new_window=&#8220;on&#8220; _builder_version=&#8220;4.21.0&#8243; _module_preset=&#8220;default&#8220; background_color=&#8220;RGBA(255,255,255,0)&#8220; global_colors_info=&#8220;{}&#8220;][\/et_pb_icon][\/et_pb_column][et_pb_column type=&#8220;1_6&#8243; _builder_version=&#8220;4.21.0&#8243; _module_preset=&#8220;default&#8220; global_colors_info=&#8220;{}&#8220;][\/et_pb_column][et_pb_column type=&#8220;1_6&#8243; _builder_version=&#8220;4.21.0&#8243; _module_preset=&#8220;default&#8220; global_colors_info=&#8220;{}&#8220;][\/et_pb_column][\/et_pb_row][\/et_pb_section][et_pb_section fb_built=&#8220;1&#8243; module_class=&#8220;light-section poya-black&#8220; _builder_version=&#8220;4.16&#8243; _module_preset=&#8220;default&#8220; custom_padding=&#8220;||6px|||&#8220; locked=&#8220;off&#8220; global_colors_info=&#8220;{}&#8220;][et_pb_row _builder_version=&#8220;4.16&#8243; _module_preset=&#8220;default&#8220; custom_margin=&#8220;0px||0px||false|false&#8220; custom_padding=&#8220;0px||150px||false|false&#8220; global_colors_info=&#8220;{}&#8220;][et_pb_column type=&#8220;4_4&#8243; _builder_version=&#8220;4.16&#8243; _module_preset=&#8220;default&#8220; global_colors_info=&#8220;{}&#8220;][et_pb_gallery gallery_ids=&#8220;234605,234608,234611,234522&#8243; orientation=&#8220;portrait&#8220; show_title_and_caption=&#8220;off&#8220; show_pagination=&#8220;off&#8220; _builder_version=&#8220;4.21.0&#8243; _module_preset=&#8220;default&#8220; caption_font=&#8220;||||||||&#8220; global_colors_info=&#8220;{}&#8220;][\/et_pb_gallery][\/et_pb_column][\/et_pb_row][\/et_pb_section]<\/p>\n","protected":false},"excerpt":{"rendered":"<p>DARIO CABANELAS Der Schweizer Dario Cabanelas, der in Lausanne geboren wurde und spanische und ukrainische Wurzeln hat, begann im Alter von 6 Jahren mit dem Kartsport. Mit nur 9 Jahren wurde er f\u00fcr die Kartschule von Fernando Alonso in Spanien ausgew\u00e4hlt. Im Jahr 2021 wechselte er in die ber\u00fchmte FFSA Acad\u00e9mie, wo er als Sport\/Studium [&hellip;]<\/p>\n","protected":false},"author":34,"featured_media":0,"parent":0,"menu_order":0,"comment_status":"closed","ping_status":"closed","template":"","meta":{"_et_pb_use_builder":"on","_et_pb_old_content":"","_et_gb_content_width":"","footnotes":""},"class_list":["post-252669","page","type-page","status-publish","hentry"],"_links":{"self":[{"href":"https:\/\/mafondue.ch\/de\/wp-json\/wp\/v2\/pages\/252669","targetHints":{"allow":["GET"]}}],"collection":[{"href":"https:\/\/mafondue.ch\/de\/wp-json\/wp\/v2\/pages"}],"about":[{"href":"https:\/\/mafondue.ch\/de\/wp-json\/wp\/v2\/types\/page"}],"author":[{"embeddable":true,"href":"https:\/\/mafondue.ch\/de\/wp-json\/wp\/v2\/users\/34"}],"replies":[{"embeddable":true,"href":"https:\/\/mafondue.ch\/de\/wp-json\/wp\/v2\/comments?post=252669"}],"version-history":[{"count":3,"href":"https:\/\/mafondue.ch\/de\/wp-json\/wp\/v2\/pages\/252669\/revisions"}],"predecessor-version":[{"id":252672,"href":"https:\/\/mafondue.ch\/de\/wp-json\/wp\/v2\/pages\/252669\/revisions\/252672"}],"wp:attachment":[{"href":"https:\/\/mafondue.ch\/de\/wp-json\/wp\/v2\/media?parent=252669"}],"curies":[{"name":"wp","href":"https:\/\/api.w.org\/{rel}","templated":true}]}}