

{"id":252673,"date":"2025-02-13T12:36:38","date_gmt":"2025-02-13T11:36:38","guid":{"rendered":"https:\/\/mafondue.ch\/swiss-race-fondue\/"},"modified":"2025-02-13T12:36:39","modified_gmt":"2025-02-13T11:36:39","slug":"swiss-race-fondue","status":"publish","type":"page","link":"https:\/\/mafondue.ch\/it\/swiss-race-fondue\/","title":{"rendered":"Swiss Race Fondue"},"content":{"rendered":"<p>[et_pb_section fb_built=&#8221;1&#8243; fullwidth=&#8221;on&#8221; _builder_version=&#8221;4.21.0&#8243; _module_preset=&#8221;default&#8221; min_height_tablet=&#8221;&#8221; min_height_phone=&#8221;&#8221; min_height_last_edited=&#8221;on|phone&#8221; global_colors_info=&#8221;{}&#8221;][et_pb_fullwidth_image src=&#8221;https:\/\/mafondue.ch\/wp-content\/uploads\/2023\/06\/banniere-BW-scaled.jpg&#8221; title_text=&#8221;banni\u00e8re B&amp;W&#8221; _builder_version=&#8221;4.21.0&#8243; _module_preset=&#8221;default&#8221; global_colors_info=&#8221;{}&#8221;][\/et_pb_fullwidth_image][\/et_pb_section][et_pb_section fb_built=&#8221;1&#8243; _builder_version=&#8221;4.21.0&#8243; _module_preset=&#8221;default&#8221; global_colors_info=&#8221;{}&#8221;][et_pb_row column_structure=&#8221;1_2,1_2&#8243; _builder_version=&#8221;4.21.0&#8243; _module_preset=&#8221;default&#8221; custom_css_main_element=&#8221; margin:auto;&#8221; global_colors_info=&#8221;{}&#8221;][et_pb_column type=&#8221;1_2&#8243; _builder_version=&#8221;4.21.0&#8243; _module_preset=&#8221;default&#8221; custom_css_main_element=&#8221; margin:auto;&#8221; global_colors_info=&#8221;{}&#8221;][et_pb_text _builder_version=&#8221;4.21.0&#8243; _module_preset=&#8221;default&#8221; width=&#8221;100%&#8221; custom_margin=&#8221;|0px|20px|0px|false|true&#8221; custom_padding=&#8221;||0px|||&#8221; custom_css_main_element=&#8221; margin:auto;&#8221; global_colors_info=&#8221;{}&#8221;]<\/p>\n<h2 style=\"text-align: left;\"><span style=\"color: #000000;\"><\/span><\/h2>\n<h2 style=\"text-align: left;\"><span style=\"color: #000000;\"><\/span><\/h2>\n<h2 style=\"text-align: left;\"><span style=\"color: #000000;\">DARIO <\/span><span style=\"font-size: 40px; letter-spacing: 0em; color: #000000;\">CABANELAS<\/span><\/h2>\n<div class=\"page\" title=\"Page 4\">\n<div class=\"section\">\n<div class=\"layoutArea\">\n<div class=\"column\">\n<p style=\"text-align: justify;\"><span style=\"font-size: large;\"><span style=\"color: #37364d;\">Svizzero, nato a Losanna e di origini spagnole e ucraine, Dario Cabanelas ha iniziato a praticare il karting all&#8217;et\u00e0 di 6 anni. A soli 9 anni \u00e8 stato selezionato per la scuola di karting di Fernando Alonso in Spagna. Nel 2021 entrer\u00e0 a far parte della famosa FFSA Academy, dove continuer\u00e0 il suo programma sportivo\/di studio sulle monoposto a Le Mans.  <\/span><\/span><\/p>\n<p style=\"text-align: justify;\"><span style=\"font-size: large;\"><span style=\"color: #37364d;\"><span style=\"color: #37364d; font-size: large;\">Nel 2023 Dario continua a progredire nelle monoposto della EuroCup 3 ed <a href=\"https:\/\/eurocup3.org\/\" target=\"_blank\" rel=\"noopener\" title=\"EuroCup 3\">\u00e8 ora uno dei primi 5 piloti della sua categoria.<\/a> <\/span><\/span><\/span><span style=\"font-size: large;\"><span style=\"color: #37364d;\"><span style=\"color: #37364d; font-size: large;\"><\/span><\/span><\/span><\/p>\n<p style=\"text-align: justify;\"><strong style=\"font-size: large;\"><em>Sostenete il nostro giovane talento nazionale nella sua carriera!<\/em><\/strong><\/p>\n<\/div>\n<\/div>\n<\/div>\n<\/div>\n<p>[\/et_pb_text][\/et_pb_column][et_pb_column type=&#8221;1_2&#8243; _builder_version=&#8221;4.21.0&#8243; _module_preset=&#8221;default&#8221; global_colors_info=&#8221;{}&#8221;][et_pb_image src=&#8221;https:\/\/mafondue.ch\/wp-content\/uploads\/2023\/06\/RFMfxJ4U.jpeg&#8221; title_text=&#8221;RFMfxJ4U&#8221; align=&#8221;center&#8221; _builder_version=&#8221;4.21.0&#8243; _module_preset=&#8221;default&#8221; custom_margin=&#8221;||20px||false|false&#8221; global_colors_info=&#8221;{}&#8221;][\/et_pb_image][\/et_pb_column][\/et_pb_row][et_pb_row column_structure=&#8221;1_2,1_2&#8243; _builder_version=&#8221;4.21.0&#8243; _module_preset=&#8221;default&#8221; custom_css_main_element=&#8221; margin:auto;&#8221; global_colors_info=&#8221;{}&#8221;][et_pb_column type=&#8221;1_2&#8243; _builder_version=&#8221;4.21.0&#8243; _module_preset=&#8221;default&#8221; custom_css_main_element=&#8221; margin:auto;&#8221; global_colors_info=&#8221;{}&#8221;][et_pb_image src=&#8221;https:\/\/mafondue.ch\/wp-content\/uploads\/2023\/07\/Dario-monoplace-scaled.jpg&#8221; title_text=&#8221;Dario-monoplace&#8221; _builder_version=&#8221;4.21.0&#8243; _module_preset=&#8221;default&#8221; custom_margin=&#8221;||20px||false|false&#8221; global_colors_info=&#8221;{}&#8221;][\/et_pb_image][\/et_pb_column][et_pb_column type=&#8221;1_2&#8243; _builder_version=&#8221;4.21.0&#8243; _module_preset=&#8221;default&#8221; global_colors_info=&#8221;{}&#8221;][et_pb_text _builder_version=&#8221;4.21.0&#8243; _module_preset=&#8221;default&#8221; width=&#8221;100%&#8221; custom_margin=&#8221;|0px||0px|false|true&#8221; custom_padding=&#8221;||0px|||&#8221; custom_css_main_element=&#8221; margin:auto;&#8221; global_colors_info=&#8221;{}&#8221;]<\/p>\n<h3 style=\"text-align: left;\"><span style=\"color: #000000;\">Palmar\u00e8s<\/span><\/h3>\n<h4 style=\"text-align: justify;\"><span style=\"color: #000000;\">Monoplace<\/span><\/h4>\n<table border=\"0\" style=\"width: 100%; border-collapse: collapse; float: left; height: 72px; font-size: 16px;\">\n<tbody>\n<tr style=\"height: 24px;\">\n<td style=\"width: 5.34826%; height: 24px;\">2022<\/td>\n<td style=\"width: 94.5274%; height: 24px;\"><span style=\"color: #37364d;\"><b><span>Giochi FIA<\/span><\/b><span> dove ha rappresentato la Svizzera qualificandosi al <b>3\u00b0 posto<\/b> DNF dopo la rottura di una sospensione<\/span><\/span><\/td>\n<\/tr>\n<tr style=\"height: 24px;\">\n<td style=\"width: 5.34826%; height: 24px;\">2022<\/td>\n<p><span style=\"color: #37364d;\"><\/span><\/p>\n<td style=\"width: 94.5274%; height: 24px;\"><span>9\u00b0 nel campionato francese F4<\/span><\/td>\n<\/tr>\n<tr style=\"height: 24px;\">\n<td style=\"width: 5.34826%; height: 24px;\">2021<\/td>\n<td style=\"width: 94.5274%; height: 24px;\">\n<p><span style=\"color: #37364d;\"><b><span>Secondo posto nel campionato francese di F4 per i giovani<\/span><\/b><\/span><\/p>\n<p><span><\/span><\/p>\n<\/td>\n<\/tr>\n<\/tbody>\n<\/table>\n<p>[\/et_pb_text][\/et_pb_column][\/et_pb_row][et_pb_row column_structure=&#8221;1_2,1_2&#8243; _builder_version=&#8221;4.21.0&#8243; _module_preset=&#8221;default&#8221; hover_enabled=&#8221;0&#8243; custom_css_main_element=&#8221; margin:auto;&#8221; global_colors_info=&#8221;{}&#8221; sticky_enabled=&#8221;0&#8243;][et_pb_column _builder_version=&#8221;4.21.0&#8243; _module_preset=&#8221;default&#8221; type=&#8221;1_2&#8243;][et_pb_image src=&#8221;https:\/\/mafondue.ch\/wp-content\/uploads\/2023\/07\/karting-scaled.jpg&#8221; _builder_version=&#8221;4.21.0&#8243; _module_preset=&#8221;default&#8221; title_text=&#8221;karting&#8221; hover_enabled=&#8221;0&#8243; sticky_enabled=&#8221;0&#8243;][\/et_pb_image][\/et_pb_column][et_pb_column type=&#8221;1_2&#8243; _builder_version=&#8221;4.21.0&#8243; _module_preset=&#8221;default&#8221; global_colors_info=&#8221;{}&#8221;][et_pb_text _builder_version=&#8221;4.21.0&#8243; _module_preset=&#8221;default&#8221; width=&#8221;100%&#8221; custom_margin=&#8221;|0px||0px|false|true&#8221; custom_padding=&#8221;||0px|||&#8221; custom_css_main_element=&#8221; margin:auto;&#8221; global_colors_info=&#8221;{}&#8221;]<\/p>\n<h3 style=\"text-align: left;\"><span style=\"color: #000000;\">Palmar\u00e8s<\/span><\/h3>\n<h4 style=\"text-align: justify;\"><span style=\"color: #000000;\">Karting<\/span><\/h4>\n<table border=\"0\" style=\"height: 163px; width: 100%; border-collapse: collapse; font-size: 16px; float: left;\" cellpadding=\"0\" cellspacing=\"0\">\n<tbody>\n<tr style=\"height: 24px;\">\n<td style=\"width: 5.34826%; height: 24px;\">2020<\/td>\n<td style=\"width: 94.5274%; height: 24px;\"><span style=\"color: #37364d;\"><b><span>3\u00b0 Campionato svizzero di karting OK-J<\/span><\/b><\/span><\/td>\n<\/tr>\n<tr style=\"height: 24px;\">\n<td style=\"width: 5.34826%; height: 24px;\">2020<\/td>\n<td style=\"width: 94.5274%; height: 24px;\"><span style=\"color: #37364d;\"><span>13\u00b0 Campionato Mondiale Karting IAME X30<\/span><\/span><\/td>\n<\/tr>\n<tr style=\"height: 24px;\">\n<td style=\"width: 5.34826%; height: 24px;\">2020<\/td>\n<td style=\"width: 94.5274%; height: 24px;\"><span style=\"color: #37364d;\"><b><span>Champion de la Vega Trofeo en Karting OK-J<\/span><\/b><\/span><\/td>\n<\/tr>\n<tr>\n<td style=\"width: 5.34826%;\">2019<\/td>\n<td style=\"width: 94.5274%;\"><span style=\"color: #37364d;\"><b><span>Vice-campione nelle Asturie spagnole in Junior Karting<\/span><\/b><\/span><\/td>\n<\/tr>\n<tr>\n<td style=\"width: 5.34826%;\">2018<\/td>\n<td style=\"width: 94.5274%;\"><span style=\"color: #37364d;\"><b><span>Vice-campione delle Asturie in Spagna nel Karting Cadetto<\/span><\/b><\/span><\/td>\n<\/tr>\n<tr>\n<td style=\"width: 5.34826%;\">2017<\/td>\n<td style=\"width: 94.5274%;\"><span style=\"color: #37364d;\"><b><span>Vice-campione nelle Asturie spagnole di Mini Karting<\/span><\/b><\/span><\/td>\n<\/tr>\n<\/tbody>\n<\/table>\n<p>[\/et_pb_text][\/et_pb_column][\/et_pb_row][\/et_pb_section][et_pb_section fb_built=&#8221;1&#8243; _builder_version=&#8221;4.21.0&#8243; _module_preset=&#8221;default&#8221; global_colors_info=&#8221;{}&#8221;][et_pb_row column_structure=&#8221;1_2,1_2&#8243; _builder_version=&#8221;4.21.0&#8243; _module_preset=&#8221;default&#8221; global_colors_info=&#8221;{}&#8221;][et_pb_column type=&#8221;1_2&#8243; _builder_version=&#8221;4.21.0&#8243; _module_preset=&#8221;default&#8221; global_colors_info=&#8221;{}&#8221;][et_pb_image src=&#8221;https:\/\/mafondue.ch\/wp-content\/uploads\/2023\/07\/mafondue-Packaging-DarioCabenelas-Front-WEB.jpg&#8221; title_text=&#8221;mafondue-Packaging-DarioCabenelas-Front-WEB&#8221; _builder_version=&#8221;4.21.0&#8243; _module_preset=&#8221;default&#8221; global_colors_info=&#8221;{}&#8221;][\/et_pb_image][\/et_pb_column][et_pb_column type=&#8221;1_2&#8243; _builder_version=&#8221;4.21.0&#8243; _module_preset=&#8221;default&#8221; global_colors_info=&#8221;{}&#8221;][et_pb_text _builder_version=&#8221;4.21.0&#8243; _module_preset=&#8221;default&#8221; width=&#8221;100%&#8221; global_colors_info=&#8221;{}&#8221;]<\/p>\n<p style=\"text-align: left;\"><strong><\/strong><\/p>\n<p style=\"text-align: left;\"><strong><\/strong><\/p>\n<p style=\"text-align: left;\"><strong><\/strong><\/p>\n<p style=\"text-align: left;\"><strong><\/strong><\/p>\n<p style=\"text-align: left;\"><strong>INGREDIENTI:<\/strong> 49% formaggio a pasta dura prodotto con latte crudo (Svizzera), 49% formaggio semiduro intero prodotto con latte termizzato (Svizzera), 2% farina di mais e aglio.<\/p>\n<p style=\"text-align: left;\"><strong>STOCCAGGIO<\/strong>: max. +5\u00b0C. Confezionato in atmosfera protettiva. Se congelato (conservare a -18\u00b0C), la data di scadenza \u00e8 prolungata di 6 mesi. Consumare entro (vedi data sulla confezione).<\/p>\n<p style=\"text-align: left;\"><strong>VALORI NUTRITIVI MEDI 100g<\/strong>: Energia 1590Kj (380kcal); Grassi 30g, di cui acidi grassi saturi 18g; Carboidrati 0g, di cui zuccheri 0g; Fibra alimentare 0g; Proteine 28g; Sale 1,5g.<\/p>\n<p>[\/et_pb_text][et_pb_button button_url=&#8221;https:\/\/mafondue.ch\/it\/prodotto\/swiss-race-fondue-400g\/&#8221; button_text=&#8221;Aggiungi al carrello&#8221; _builder_version=&#8221;4.21.0&#8243; _module_preset=&#8221;default&#8221; global_colors_info=&#8221;{}&#8221;][\/et_pb_button][\/et_pb_column][\/et_pb_row][\/et_pb_section][et_pb_section fb_built=&#8221;1&#8243; _builder_version=&#8221;4.21.0&#8243; _module_preset=&#8221;default&#8221; global_colors_info=&#8221;{}&#8221;][et_pb_row column_structure=&#8221;1_6,1_6,1_6,1_6,1_6,1_6&#8243; _builder_version=&#8221;4.21.0&#8243; _module_preset=&#8221;default&#8221; global_colors_info=&#8221;{}&#8221;][et_pb_column type=&#8221;1_6&#8243; _builder_version=&#8221;4.21.0&#8243; _module_preset=&#8221;default&#8221; global_colors_info=&#8221;{}&#8221;][\/et_pb_column][et_pb_column type=&#8221;1_6&#8243; _builder_version=&#8221;4.21.0&#8243; _module_preset=&#8221;default&#8221; global_colors_info=&#8221;{}&#8221;][\/et_pb_column][et_pb_column type=&#8221;1_6&#8243; _builder_version=&#8221;4.21.0&#8243; _module_preset=&#8221;default&#8221; global_colors_info=&#8221;{}&#8221;][et_pb_icon font_icon=&#8221;&#xe0c8;||divi||400&#8243; icon_color=&#8221;#000000&#8243; icon_width=&#8221;40px&#8221; url=&#8221;https:\/\/www.instagram.com\/dariocabanelas\/&#8221; _builder_version=&#8221;4.21.0&#8243; _module_preset=&#8221;default&#8221; background_color=&#8221;RGBA(255,255,255,0)&#8221; global_colors_info=&#8221;{}&#8221;][\/et_pb_icon][\/et_pb_column][et_pb_column type=&#8221;1_6&#8243; _builder_version=&#8221;4.21.0&#8243; _module_preset=&#8221;default&#8221; global_colors_info=&#8221;{}&#8221;][et_pb_icon font_icon=&#8221;&#xe0c1;||divi||400&#8243; icon_color=&#8221;#000000&#8243; icon_width=&#8221;40px&#8221; url=&#8221;https:\/\/www.facebook.com\/dario.cabanelas&#8221; url_new_window=&#8221;on&#8221; _builder_version=&#8221;4.21.0&#8243; _module_preset=&#8221;default&#8221; background_color=&#8221;RGBA(255,255,255,0)&#8221; global_colors_info=&#8221;{}&#8221;][\/et_pb_icon][\/et_pb_column][et_pb_column type=&#8221;1_6&#8243; _builder_version=&#8221;4.21.0&#8243; _module_preset=&#8221;default&#8221; global_colors_info=&#8221;{}&#8221;][\/et_pb_column][et_pb_column type=&#8221;1_6&#8243; _builder_version=&#8221;4.21.0&#8243; _module_preset=&#8221;default&#8221; global_colors_info=&#8221;{}&#8221;][\/et_pb_column][\/et_pb_row][\/et_pb_section][et_pb_section fb_built=&#8221;1&#8243; module_class=&#8221;light-section poya-black&#8221; _builder_version=&#8221;4.16&#8243; _module_preset=&#8221;default&#8221; custom_padding=&#8221;||6px|||&#8221; locked=&#8221;off&#8221; global_colors_info=&#8221;{}&#8221;][et_pb_row _builder_version=&#8221;4.16&#8243; _module_preset=&#8221;default&#8221; custom_margin=&#8221;0px||0px||false|false&#8221; custom_padding=&#8221;0px||150px||false|false&#8221; global_colors_info=&#8221;{}&#8221;][et_pb_column type=&#8221;4_4&#8243; _builder_version=&#8221;4.16&#8243; _module_preset=&#8221;default&#8221; global_colors_info=&#8221;{}&#8221;][et_pb_gallery gallery_ids=&#8221;234606,234609,234612,234523&#8243; orientation=&#8221;portrait&#8221; show_title_and_caption=&#8221;off&#8221; show_pagination=&#8221;off&#8221; _builder_version=&#8221;4.21.0&#8243; _module_preset=&#8221;default&#8221; caption_font=&#8221;||||||||&#8221; global_colors_info=&#8221;{}&#8221;][\/et_pb_gallery][\/et_pb_column][\/et_pb_row][\/et_pb_section]<\/p>\n","protected":false},"excerpt":{"rendered":"<p>DARIO CABANELAS Svizzero, nato a Losanna e di origini spagnole e ucraine, Dario Cabanelas ha iniziato a praticare il karting all&#8217;et\u00e0 di 6 anni. A soli 9 anni \u00e8 stato selezionato per la scuola di karting di Fernando Alonso in Spagna. Nel 2021 entrer\u00e0 a far parte della famosa FFSA Academy, dove continuer\u00e0 il suo [&hellip;]<\/p>\n","protected":false},"author":34,"featured_media":0,"parent":0,"menu_order":0,"comment_status":"closed","ping_status":"closed","template":"","meta":{"_et_pb_use_builder":"on","_et_pb_old_content":"","_et_gb_content_width":"","footnotes":""},"class_list":["post-252673","page","type-page","status-publish","hentry"],"_links":{"self":[{"href":"https:\/\/mafondue.ch\/it\/wp-json\/wp\/v2\/pages\/252673","targetHints":{"allow":["GET"]}}],"collection":[{"href":"https:\/\/mafondue.ch\/it\/wp-json\/wp\/v2\/pages"}],"about":[{"href":"https:\/\/mafondue.ch\/it\/wp-json\/wp\/v2\/types\/page"}],"author":[{"embeddable":true,"href":"https:\/\/mafondue.ch\/it\/wp-json\/wp\/v2\/users\/34"}],"replies":[{"embeddable":true,"href":"https:\/\/mafondue.ch\/it\/wp-json\/wp\/v2\/comments?post=252673"}],"version-history":[{"count":3,"href":"https:\/\/mafondue.ch\/it\/wp-json\/wp\/v2\/pages\/252673\/revisions"}],"predecessor-version":[{"id":252676,"href":"https:\/\/mafondue.ch\/it\/wp-json\/wp\/v2\/pages\/252673\/revisions\/252676"}],"wp:attachment":[{"href":"https:\/\/mafondue.ch\/it\/wp-json\/wp\/v2\/media?parent=252673"}],"curies":[{"name":"wp","href":"https:\/\/api.w.org\/{rel}","templated":true}]}}